{"id":3944,"date":"2022-02-23T18:26:12","date_gmt":"2022-02-23T17:26:12","guid":{"rendered":"https:\/\/www.balzatex.com\/produit\/funda-nordica-fundas-de-almohada-individual\/"},"modified":"2022-04-04T20:58:35","modified_gmt":"2022-04-04T20:58:35","slug":"funda-nordica-fundas-de-almohada-individual","status":"publish","type":"product","link":"https:\/\/www.balzatex.com\/es\/produit\/funda-nordica-fundas-de-almohada-individual\/","title":{"rendered":"Funda n\u00f3rdica + funda(s) de almohada individual"},"content":{"rendered":"","protected":false},"excerpt":{"rendered":"<p>Fundas n\u00f3rdicas disponibles en varios colores para vestir tu colch\u00f3n.<\/p>\n<p>Funda n\u00f3rdica en forma de botella con una solapa en el extremo que permite meter la funda debajo de la cama.<\/p>\n<p>Se ofrece una funda de almohada rectangular de 50&#215;70 con la compra de una funda n\u00f3rdica de 140&#215;200 o 160&#215;240. Se ofrecen dos fundas de almohada con la compra de una funda n\u00f3rdica de 240&#215;220, 260&#215;240 o 280&#215;240.<\/p>\n<p>Para elegir la talla de edred\u00f3n adecuada, consulta la gu\u00eda de tallas.<\/p>\n<p>Composici\u00f3n: algod\u00f3n percal de 200 hilos.<\/p>\n","protected":false},"featured_media":3105,"comment_status":"open","ping_status":"closed","template":"","meta":{"_joinchat":[]},"product_brand":[],"product_cat":[465,431],"product_tag":[325,333,448,335,468],"class_list":{"0":"post-3944","1":"product","2":"type-product","3":"status-publish","4":"has-post-thumbnail","6":"product_cat-funda-de-edredon","7":"product_cat-ropa-de-cama","8":"product_tag-blanco-blanca","9":"product_tag-coleccion-casa-blanca","10":"product_tag-coleccion-duquesa-percal","11":"product_tag-color-piedra","12":"product_tag-funda-de-edredon","14":"first","15":"instock","16":"shipping-taxable","17":"purchasable","18":"product-type-variable"},"supplier_id":null,"supplier_sku":"","barcode":null,"atum_controlled":true,"out_stock_date":null,"out_stock_threshold":null,"inheritable":true,"inbound_stock":0,"stock_on_hold":1,"sold_today":1,"sales_last_days":2,"reserved_stock":0,"customer_returns":0,"warehouse_damage":0,"lost_in_post":0,"other_logs":0,"out_stock_days":0,"lost_sales":0,"has_location":false,"update_date":"2025-06-24T12:49:46","atum_locations":[],"atum_stock_status":"instock","restock_status":false,"low_stock_amount":"","sales_update_date":"2023-09-13T09:23:42","calc_backorders":null,"yoast_head":"<!-- This site is optimized with the Yoast SEO plugin v27.4 - https:\/\/yoast.com\/product\/yoast-seo-wordpress\/ -->\n<title>Funda n\u00f3rdica + funda(s) de almohada individual - Balzatex<\/title>\n<meta name=\"robots\" content=\"index, follow, max-snippet:-1, max-image-preview:large, max-video-preview:-1\" \/>\n<link rel=\"canonical\" href=\"https:\/\/www.balzatex.com\/es\/produit\/funda-nordica-fundas-de-almohada-individual\/\" \/>\n<meta property=\"og:locale\" content=\"es_ES\" \/>\n<meta property=\"og:type\" content=\"article\" \/>\n<meta property=\"og:title\" content=\"Funda n\u00f3rdica + funda(s) de almohada individual - Balzatex\" \/>\n<meta property=\"og:description\" content=\"Fundas n\u00f3rdicas disponibles en varios colores para vestir tu colch\u00f3n. Funda n\u00f3rdica en forma de botella con una solapa en el extremo que permite meter la funda debajo de la cama. Se ofrece una funda de almohada rectangular de 50x70 con la compra de una funda n\u00f3rdica de 140x200 o 160x240. Se ofrecen dos fundas de almohada con la compra de una funda n\u00f3rdica de 240x220, 260x240 o 280x240. Para elegir la talla de edred\u00f3n adecuada, consulta la gu\u00eda de tallas. Composici\u00f3n: algod\u00f3n percal de 200 hilos.\" \/>\n<meta property=\"og:url\" content=\"https:\/\/www.balzatex.com\/es\/produit\/funda-nordica-fundas-de-almohada-individual\/\" \/>\n<meta property=\"og:site_name\" content=\"Balzatex\" \/>\n<meta property=\"article:modified_time\" content=\"2022-04-04T20:58:35+00:00\" \/>\n<meta property=\"og:image\" content=\"https:\/\/www.balzatex.com\/wp-content\/uploads\/2022\/02\/DSC_5016-scaled-e1648179497271.jpg\" \/>\n\t<meta property=\"og:image:width\" content=\"800\" \/>\n\t<meta property=\"og:image:height\" content=\"533\" \/>\n\t<meta property=\"og:image:type\" content=\"image\/jpeg\" \/>\n<meta name=\"twitter:card\" content=\"summary_large_image\" \/>\n<script type=\"application\/ld+json\" class=\"yoast-schema-graph\">{\"@context\":\"https:\\\/\\\/schema.org\",\"@graph\":[{\"@type\":\"WebPage\",\"@id\":\"https:\\\/\\\/www.balzatex.com\\\/es\\\/produit\\\/funda-nordica-fundas-de-almohada-individual\\\/\",\"url\":\"https:\\\/\\\/www.balzatex.com\\\/es\\\/produit\\\/funda-nordica-fundas-de-almohada-individual\\\/\",\"name\":\"Funda n\u00f3rdica + funda(s) de almohada individual - Balzatex\",\"isPartOf\":{\"@id\":\"https:\\\/\\\/www.balzatex.com\\\/es\\\/#website\"},\"primaryImageOfPage\":{\"@id\":\"https:\\\/\\\/www.balzatex.com\\\/es\\\/produit\\\/funda-nordica-fundas-de-almohada-individual\\\/#primaryimage\"},\"image\":{\"@id\":\"https:\\\/\\\/www.balzatex.com\\\/es\\\/produit\\\/funda-nordica-fundas-de-almohada-individual\\\/#primaryimage\"},\"thumbnailUrl\":\"https:\\\/\\\/www.balzatex.com\\\/wp-content\\\/uploads\\\/2022\\\/02\\\/DSC_5016-scaled-e1648179497271.jpg\",\"datePublished\":\"2022-02-23T17:26:12+00:00\",\"dateModified\":\"2022-04-04T20:58:35+00:00\",\"breadcrumb\":{\"@id\":\"https:\\\/\\\/www.balzatex.com\\\/es\\\/produit\\\/funda-nordica-fundas-de-almohada-individual\\\/#breadcrumb\"},\"inLanguage\":\"es\",\"potentialAction\":[{\"@type\":\"ReadAction\",\"target\":[\"https:\\\/\\\/www.balzatex.com\\\/es\\\/produit\\\/funda-nordica-fundas-de-almohada-individual\\\/\"]}]},{\"@type\":\"ImageObject\",\"inLanguage\":\"es\",\"@id\":\"https:\\\/\\\/www.balzatex.com\\\/es\\\/produit\\\/funda-nordica-fundas-de-almohada-individual\\\/#primaryimage\",\"url\":\"https:\\\/\\\/www.balzatex.com\\\/wp-content\\\/uploads\\\/2022\\\/02\\\/DSC_5016-scaled-e1648179497271.jpg\",\"contentUrl\":\"https:\\\/\\\/www.balzatex.com\\\/wp-content\\\/uploads\\\/2022\\\/02\\\/DSC_5016-scaled-e1648179497271.jpg\",\"width\":800,\"height\":533},{\"@type\":\"BreadcrumbList\",\"@id\":\"https:\\\/\\\/www.balzatex.com\\\/es\\\/produit\\\/funda-nordica-fundas-de-almohada-individual\\\/#breadcrumb\",\"itemListElement\":[{\"@type\":\"ListItem\",\"position\":1,\"name\":\"Accueil\",\"item\":\"https:\\\/\\\/www.balzatex.com\\\/es\\\/\"},{\"@type\":\"ListItem\",\"position\":2,\"name\":\"Tienda\",\"item\":\"https:\\\/\\\/www.balzatex.com\\\/es\\\/tienda\\\/\"},{\"@type\":\"ListItem\",\"position\":3,\"name\":\"Funda n\u00f3rdica + funda(s) de almohada individual\"}]},{\"@type\":\"WebSite\",\"@id\":\"https:\\\/\\\/www.balzatex.com\\\/es\\\/#website\",\"url\":\"https:\\\/\\\/www.balzatex.com\\\/es\\\/\",\"name\":\"Balzatex\",\"description\":\"Linge maison\",\"potentialAction\":[{\"@type\":\"SearchAction\",\"target\":{\"@type\":\"EntryPoint\",\"urlTemplate\":\"https:\\\/\\\/www.balzatex.com\\\/es\\\/?s={search_term_string}\"},\"query-input\":{\"@type\":\"PropertyValueSpecification\",\"valueRequired\":true,\"valueName\":\"search_term_string\"}}],\"inLanguage\":\"es\"}]}<\/script>\n<!-- \/ Yoast SEO plugin. -->","yoast_head_json":{"title":"Funda n\u00f3rdica + funda(s) de almohada individual - Balzatex","robots":{"index":"index","follow":"follow","max-snippet":"max-snippet:-1","max-image-preview":"max-image-preview:large","max-video-preview":"max-video-preview:-1"},"canonical":"https:\/\/www.balzatex.com\/es\/produit\/funda-nordica-fundas-de-almohada-individual\/","og_locale":"es_ES","og_type":"article","og_title":"Funda n\u00f3rdica + funda(s) de almohada individual - Balzatex","og_description":"Fundas n\u00f3rdicas disponibles en varios colores para vestir tu colch\u00f3n. Funda n\u00f3rdica en forma de botella con una solapa en el extremo que permite meter la funda debajo de la cama. Se ofrece una funda de almohada rectangular de 50x70 con la compra de una funda n\u00f3rdica de 140x200 o 160x240. Se ofrecen dos fundas de almohada con la compra de una funda n\u00f3rdica de 240x220, 260x240 o 280x240. Para elegir la talla de edred\u00f3n adecuada, consulta la gu\u00eda de tallas. Composici\u00f3n: algod\u00f3n percal de 200 hilos.","og_url":"https:\/\/www.balzatex.com\/es\/produit\/funda-nordica-fundas-de-almohada-individual\/","og_site_name":"Balzatex","article_modified_time":"2022-04-04T20:58:35+00:00","og_image":[{"width":800,"height":533,"url":"https:\/\/www.balzatex.com\/wp-content\/uploads\/2022\/02\/DSC_5016-scaled-e1648179497271.jpg","type":"image\/jpeg"}],"twitter_card":"summary_large_image","schema":{"@context":"https:\/\/schema.org","@graph":[{"@type":"WebPage","@id":"https:\/\/www.balzatex.com\/es\/produit\/funda-nordica-fundas-de-almohada-individual\/","url":"https:\/\/www.balzatex.com\/es\/produit\/funda-nordica-fundas-de-almohada-individual\/","name":"Funda n\u00f3rdica + funda(s) de almohada individual - Balzatex","isPartOf":{"@id":"https:\/\/www.balzatex.com\/es\/#website"},"primaryImageOfPage":{"@id":"https:\/\/www.balzatex.com\/es\/produit\/funda-nordica-fundas-de-almohada-individual\/#primaryimage"},"image":{"@id":"https:\/\/www.balzatex.com\/es\/produit\/funda-nordica-fundas-de-almohada-individual\/#primaryimage"},"thumbnailUrl":"https:\/\/www.balzatex.com\/wp-content\/uploads\/2022\/02\/DSC_5016-scaled-e1648179497271.jpg","datePublished":"2022-02-23T17:26:12+00:00","dateModified":"2022-04-04T20:58:35+00:00","breadcrumb":{"@id":"https:\/\/www.balzatex.com\/es\/produit\/funda-nordica-fundas-de-almohada-individual\/#breadcrumb"},"inLanguage":"es","potentialAction":[{"@type":"ReadAction","target":["https:\/\/www.balzatex.com\/es\/produit\/funda-nordica-fundas-de-almohada-individual\/"]}]},{"@type":"ImageObject","inLanguage":"es","@id":"https:\/\/www.balzatex.com\/es\/produit\/funda-nordica-fundas-de-almohada-individual\/#primaryimage","url":"https:\/\/www.balzatex.com\/wp-content\/uploads\/2022\/02\/DSC_5016-scaled-e1648179497271.jpg","contentUrl":"https:\/\/www.balzatex.com\/wp-content\/uploads\/2022\/02\/DSC_5016-scaled-e1648179497271.jpg","width":800,"height":533},{"@type":"BreadcrumbList","@id":"https:\/\/www.balzatex.com\/es\/produit\/funda-nordica-fundas-de-almohada-individual\/#breadcrumb","itemListElement":[{"@type":"ListItem","position":1,"name":"Accueil","item":"https:\/\/www.balzatex.com\/es\/"},{"@type":"ListItem","position":2,"name":"Tienda","item":"https:\/\/www.balzatex.com\/es\/tienda\/"},{"@type":"ListItem","position":3,"name":"Funda n\u00f3rdica + funda(s) de almohada individual"}]},{"@type":"WebSite","@id":"https:\/\/www.balzatex.com\/es\/#website","url":"https:\/\/www.balzatex.com\/es\/","name":"Balzatex","description":"Linge maison","potentialAction":[{"@type":"SearchAction","target":{"@type":"EntryPoint","urlTemplate":"https:\/\/www.balzatex.com\/es\/?s={search_term_string}"},"query-input":{"@type":"PropertyValueSpecification","valueRequired":true,"valueName":"search_term_string"}}],"inLanguage":"es"}]}},"_links":{"self":[{"href":"https:\/\/www.balzatex.com\/es\/wp-json\/wp\/v2\/product\/3944","targetHints":{"allow":["GET"]}}],"collection":[{"href":"https:\/\/www.balzatex.com\/es\/wp-json\/wp\/v2\/product"}],"about":[{"href":"https:\/\/www.balzatex.com\/es\/wp-json\/wp\/v2\/types\/product"}],"replies":[{"embeddable":true,"href":"https:\/\/www.balzatex.com\/es\/wp-json\/wp\/v2\/comments?post=3944"}],"wp:featuredmedia":[{"embeddable":true,"href":"https:\/\/www.balzatex.com\/es\/wp-json\/wp\/v2\/media\/3105"}],"wp:attachment":[{"href":"https:\/\/www.balzatex.com\/es\/wp-json\/wp\/v2\/media?parent=3944"}],"wp:term":[{"taxonomy":"product_brand","embeddable":true,"href":"https:\/\/www.balzatex.com\/es\/wp-json\/wp\/v2\/product_brand?post=3944"},{"taxonomy":"product_cat","embeddable":true,"href":"https:\/\/www.balzatex.com\/es\/wp-json\/wp\/v2\/product_cat?post=3944"},{"taxonomy":"product_tag","embeddable":true,"href":"https:\/\/www.balzatex.com\/es\/wp-json\/wp\/v2\/product_tag?post=3944"}],"curies":[{"name":"wp","href":"https:\/\/api.w.org\/{rel}","templated":true}]}}