{"id":4429,"date":"2022-03-07T17:24:43","date_gmt":"2022-03-07T16:24:43","guid":{"rendered":"https:\/\/www.balzatex.com\/produit\/funda-nordica-fundas-de-almohada-individual-2\/"},"modified":"2022-04-05T09:34:52","modified_gmt":"2022-04-05T09:34:52","slug":"funda-nordica-fundas-de-almohada-individual-2","status":"publish","type":"product","link":"https:\/\/www.balzatex.com\/es\/produit\/funda-nordica-fundas-de-almohada-individual-2\/","title":{"rendered":"Funda n\u00f3rdica + funda(s) de almohada individual"},"content":{"rendered":"","protected":false},"excerpt":{"rendered":"<p>Fundas n\u00f3rdicas disponibles en varios colores para vestir tu colch\u00f3n.<\/p>\n<p>Funda n\u00f3rdica en forma de botella con una solapa en el extremo que permite meter la funda debajo de la cama.<\/p>\n<p>Composici\u00f3n: algod\u00f3n percal de 200 hilos<\/p>\n<p>Se ofrece 1 funda de almohada rectangular de 50&#215;70 con la compra de una funda n\u00f3rdica de 140&#215;200 o 160&#215;240.<\/p>\n<p>2 fundas de almohada rectangulares de 50&#215;70 que se ofrecen con la compra de una funda n\u00f3rdica de 240&#215;220, 260&#215;240 o 280&#215;240.<\/p>\n<p>Para elegir la funda n\u00f3rdica del tama\u00f1o adecuado, consulte el tama\u00f1o de su edred\u00f3n o consulte la gu\u00eda de tallas.<\/p>\n<p>Para cualquier dimensi\u00f3n especial, no dude en enviarnos un correo electr\u00f3nico a direction@balzatex.com<\/p>\n","protected":false},"featured_media":0,"comment_status":"open","ping_status":"closed","template":"","meta":{"_joinchat":[]},"product_brand":[],"product_cat":[465,431],"product_tag":[448,562,468,561],"class_list":{"0":"post-4429","1":"product","2":"type-product","3":"status-publish","5":"product_cat-funda-de-edredon","6":"product_cat-ropa-de-cama","7":"product_tag-coleccion-duquesa-percal","8":"product_tag-color-azafran","9":"product_tag-funda-de-edredon","10":"product_tag-la-coleccion-de-marrakech-y-sus-especias","12":"first","13":"outofstock","14":"shipping-taxable","15":"product-type-variable"},"supplier_id":null,"supplier_sku":"","barcode":null,"atum_controlled":true,"out_stock_date":null,"out_stock_threshold":null,"inheritable":true,"inbound_stock":0,"stock_on_hold":0,"sold_today":0,"sales_last_days":0,"reserved_stock":0,"customer_returns":0,"warehouse_damage":0,"lost_in_post":0,"other_logs":0,"out_stock_days":0,"lost_sales":0,"has_location":false,"update_date":"2024-12-03T13:49:42","atum_locations":[],"atum_stock_status":"outofstock","restock_status":false,"low_stock_amount":"","sales_update_date":"2023-09-08T09:18:52","calc_backorders":null,"yoast_head":"<!-- This site is optimized with the Yoast SEO plugin v27.4 - https:\/\/yoast.com\/product\/yoast-seo-wordpress\/ -->\n<title>Funda n\u00f3rdica + funda(s) de almohada individual - Balzatex<\/title>\n<meta name=\"robots\" content=\"index, follow, max-snippet:-1, max-image-preview:large, max-video-preview:-1\" \/>\n<link rel=\"canonical\" href=\"https:\/\/www.balzatex.com\/es\/produit\/funda-nordica-fundas-de-almohada-individual-2\/\" \/>\n<meta property=\"og:locale\" content=\"es_ES\" \/>\n<meta property=\"og:type\" content=\"article\" \/>\n<meta property=\"og:title\" content=\"Funda n\u00f3rdica + funda(s) de almohada individual - Balzatex\" \/>\n<meta property=\"og:description\" content=\"Fundas n\u00f3rdicas disponibles en varios colores para vestir tu colch\u00f3n. Funda n\u00f3rdica en forma de botella con una solapa en el extremo que permite meter la funda debajo de la cama. Composici\u00f3n: algod\u00f3n percal de 200 hilos Se ofrece 1 funda de almohada rectangular de 50x70 con la compra de una funda n\u00f3rdica de 140x200 o 160x240. 2 fundas de almohada rectangulares de 50x70 que se ofrecen con la compra de una funda n\u00f3rdica de 240x220, 260x240 o 280x240. Para elegir la funda n\u00f3rdica del tama\u00f1o adecuado, consulte el tama\u00f1o de su edred\u00f3n o consulte la gu\u00eda de tallas. Para cualquier dimensi\u00f3n especial, no dude en enviarnos un correo electr\u00f3nico a direction@balzatex.com\" \/>\n<meta property=\"og:url\" content=\"https:\/\/www.balzatex.com\/es\/produit\/funda-nordica-fundas-de-almohada-individual-2\/\" \/>\n<meta property=\"og:site_name\" content=\"Balzatex\" \/>\n<meta property=\"article:modified_time\" content=\"2022-04-05T09:34:52+00:00\" \/>\n<meta name=\"twitter:card\" content=\"summary_large_image\" \/>\n<script type=\"application\/ld+json\" class=\"yoast-schema-graph\">{\"@context\":\"https:\\\/\\\/schema.org\",\"@graph\":[{\"@type\":\"WebPage\",\"@id\":\"https:\\\/\\\/www.balzatex.com\\\/es\\\/produit\\\/funda-nordica-fundas-de-almohada-individual-2\\\/\",\"url\":\"https:\\\/\\\/www.balzatex.com\\\/es\\\/produit\\\/funda-nordica-fundas-de-almohada-individual-2\\\/\",\"name\":\"Funda n\u00f3rdica + funda(s) de almohada individual - Balzatex\",\"isPartOf\":{\"@id\":\"https:\\\/\\\/www.balzatex.com\\\/es\\\/#website\"},\"datePublished\":\"2022-03-07T16:24:43+00:00\",\"dateModified\":\"2022-04-05T09:34:52+00:00\",\"breadcrumb\":{\"@id\":\"https:\\\/\\\/www.balzatex.com\\\/es\\\/produit\\\/funda-nordica-fundas-de-almohada-individual-2\\\/#breadcrumb\"},\"inLanguage\":\"es\",\"potentialAction\":[{\"@type\":\"ReadAction\",\"target\":[\"https:\\\/\\\/www.balzatex.com\\\/es\\\/produit\\\/funda-nordica-fundas-de-almohada-individual-2\\\/\"]}]},{\"@type\":\"BreadcrumbList\",\"@id\":\"https:\\\/\\\/www.balzatex.com\\\/es\\\/produit\\\/funda-nordica-fundas-de-almohada-individual-2\\\/#breadcrumb\",\"itemListElement\":[{\"@type\":\"ListItem\",\"position\":1,\"name\":\"Accueil\",\"item\":\"https:\\\/\\\/www.balzatex.com\\\/es\\\/\"},{\"@type\":\"ListItem\",\"position\":2,\"name\":\"Tienda\",\"item\":\"https:\\\/\\\/www.balzatex.com\\\/es\\\/tienda\\\/\"},{\"@type\":\"ListItem\",\"position\":3,\"name\":\"Funda n\u00f3rdica + funda(s) de almohada individual\"}]},{\"@type\":\"WebSite\",\"@id\":\"https:\\\/\\\/www.balzatex.com\\\/es\\\/#website\",\"url\":\"https:\\\/\\\/www.balzatex.com\\\/es\\\/\",\"name\":\"Balzatex\",\"description\":\"Linge maison\",\"potentialAction\":[{\"@type\":\"SearchAction\",\"target\":{\"@type\":\"EntryPoint\",\"urlTemplate\":\"https:\\\/\\\/www.balzatex.com\\\/es\\\/?s={search_term_string}\"},\"query-input\":{\"@type\":\"PropertyValueSpecification\",\"valueRequired\":true,\"valueName\":\"search_term_string\"}}],\"inLanguage\":\"es\"}]}<\/script>\n<!-- \/ Yoast SEO plugin. -->","yoast_head_json":{"title":"Funda n\u00f3rdica + funda(s) de almohada individual - Balzatex","robots":{"index":"index","follow":"follow","max-snippet":"max-snippet:-1","max-image-preview":"max-image-preview:large","max-video-preview":"max-video-preview:-1"},"canonical":"https:\/\/www.balzatex.com\/es\/produit\/funda-nordica-fundas-de-almohada-individual-2\/","og_locale":"es_ES","og_type":"article","og_title":"Funda n\u00f3rdica + funda(s) de almohada individual - Balzatex","og_description":"Fundas n\u00f3rdicas disponibles en varios colores para vestir tu colch\u00f3n. Funda n\u00f3rdica en forma de botella con una solapa en el extremo que permite meter la funda debajo de la cama. Composici\u00f3n: algod\u00f3n percal de 200 hilos Se ofrece 1 funda de almohada rectangular de 50x70 con la compra de una funda n\u00f3rdica de 140x200 o 160x240. 2 fundas de almohada rectangulares de 50x70 que se ofrecen con la compra de una funda n\u00f3rdica de 240x220, 260x240 o 280x240. Para elegir la funda n\u00f3rdica del tama\u00f1o adecuado, consulte el tama\u00f1o de su edred\u00f3n o consulte la gu\u00eda de tallas. Para cualquier dimensi\u00f3n especial, no dude en enviarnos un correo electr\u00f3nico a direction@balzatex.com","og_url":"https:\/\/www.balzatex.com\/es\/produit\/funda-nordica-fundas-de-almohada-individual-2\/","og_site_name":"Balzatex","article_modified_time":"2022-04-05T09:34:52+00:00","twitter_card":"summary_large_image","schema":{"@context":"https:\/\/schema.org","@graph":[{"@type":"WebPage","@id":"https:\/\/www.balzatex.com\/es\/produit\/funda-nordica-fundas-de-almohada-individual-2\/","url":"https:\/\/www.balzatex.com\/es\/produit\/funda-nordica-fundas-de-almohada-individual-2\/","name":"Funda n\u00f3rdica + funda(s) de almohada individual - Balzatex","isPartOf":{"@id":"https:\/\/www.balzatex.com\/es\/#website"},"datePublished":"2022-03-07T16:24:43+00:00","dateModified":"2022-04-05T09:34:52+00:00","breadcrumb":{"@id":"https:\/\/www.balzatex.com\/es\/produit\/funda-nordica-fundas-de-almohada-individual-2\/#breadcrumb"},"inLanguage":"es","potentialAction":[{"@type":"ReadAction","target":["https:\/\/www.balzatex.com\/es\/produit\/funda-nordica-fundas-de-almohada-individual-2\/"]}]},{"@type":"BreadcrumbList","@id":"https:\/\/www.balzatex.com\/es\/produit\/funda-nordica-fundas-de-almohada-individual-2\/#breadcrumb","itemListElement":[{"@type":"ListItem","position":1,"name":"Accueil","item":"https:\/\/www.balzatex.com\/es\/"},{"@type":"ListItem","position":2,"name":"Tienda","item":"https:\/\/www.balzatex.com\/es\/tienda\/"},{"@type":"ListItem","position":3,"name":"Funda n\u00f3rdica + funda(s) de almohada individual"}]},{"@type":"WebSite","@id":"https:\/\/www.balzatex.com\/es\/#website","url":"https:\/\/www.balzatex.com\/es\/","name":"Balzatex","description":"Linge maison","potentialAction":[{"@type":"SearchAction","target":{"@type":"EntryPoint","urlTemplate":"https:\/\/www.balzatex.com\/es\/?s={search_term_string}"},"query-input":{"@type":"PropertyValueSpecification","valueRequired":true,"valueName":"search_term_string"}}],"inLanguage":"es"}]}},"_links":{"self":[{"href":"https:\/\/www.balzatex.com\/es\/wp-json\/wp\/v2\/product\/4429","targetHints":{"allow":["GET"]}}],"collection":[{"href":"https:\/\/www.balzatex.com\/es\/wp-json\/wp\/v2\/product"}],"about":[{"href":"https:\/\/www.balzatex.com\/es\/wp-json\/wp\/v2\/types\/product"}],"replies":[{"embeddable":true,"href":"https:\/\/www.balzatex.com\/es\/wp-json\/wp\/v2\/comments?post=4429"}],"wp:attachment":[{"href":"https:\/\/www.balzatex.com\/es\/wp-json\/wp\/v2\/media?parent=4429"}],"wp:term":[{"taxonomy":"product_brand","embeddable":true,"href":"https:\/\/www.balzatex.com\/es\/wp-json\/wp\/v2\/product_brand?post=4429"},{"taxonomy":"product_cat","embeddable":true,"href":"https:\/\/www.balzatex.com\/es\/wp-json\/wp\/v2\/product_cat?post=4429"},{"taxonomy":"product_tag","embeddable":true,"href":"https:\/\/www.balzatex.com\/es\/wp-json\/wp\/v2\/product_tag?post=4429"}],"curies":[{"name":"wp","href":"https:\/\/api.w.org\/{rel}","templated":true}]}}